{"id":29751,"date":"2022-01-08T19:45:27","date_gmt":"2022-01-08T18:45:27","guid":{"rendered":"https:\/\/abes.ch\/?page_id=29751"},"modified":"2023-12-14T16:17:03","modified_gmt":"2023-12-14T15:17:03","slug":"pensioni-professionali","status":"publish","type":"page","link":"https:\/\/abes.ch\/it\/berufliche-vorsorge\/","title":{"rendered":"Previdenza professionale"},"content":{"rendered":"<div data-elementor-type=\"wp-page\" data-elementor-id=\"29751\" class=\"elementor elementor-29751\" data-elementor-post-type=\"page\">\n\t\t\t\t<div class=\"elementor-element elementor-element-1d08221 e-flex e-con-boxed e-con e-parent\" data-id=\"1d08221\" data-element_type=\"container\" data-e-type=\"container\" data-settings=\"{&quot;background_background&quot;:&quot;video&quot;,&quot;background_video_link&quot;:&quot;https:\\\/\\\/abes.ch\\\/wp-content\\\/uploads\\\/2023\\\/11\\\/AdobeStock_258762363.mov&quot;,&quot;background_play_on_mobile&quot;:&quot;yes&quot;,&quot;background_video_start&quot;:1,&quot;ekit_has_onepagescroll_dot&quot;:&quot;yes&quot;}\">\n\t\t\t\t\t<div class=\"e-con-inner\">\n\t\t<div class=\"elementor-background-video-container\">\n\t\t\t\t\t\t\t<video class=\"elementor-background-video-hosted\" role=\"presentation\" autoplay muted playsinline loop><\/video>\n\t\t\t\t\t<\/div><div class=\"elementor-element elementor-element-3229c2f e-con-full e-flex e-con e-child\" data-id=\"3229c2f\" data-element_type=\"container\" data-e-type=\"container\" data-settings=\"{&quot;background_background&quot;:&quot;classic&quot;,&quot;ekit_has_onepagescroll_dot&quot;:&quot;yes&quot;}\">\n\t\t\t\t<\/div>\n\t\t<div class=\"elementor-element elementor-element-1c7425f e-con-full e-flex e-con e-child\" data-id=\"1c7425f\" data-element_type=\"container\" data-e-type=\"container\" data-settings=\"{&quot;ekit_has_onepagescroll_dot&quot;:&quot;yes&quot;}\">\n\t\t\t\t<div class=\"elementor-element elementor-element-dd63d9f elementor-widget-tablet__width-initial elementor-widget elementor-widget-elementskit-heading\" data-id=\"dd63d9f\" data-element_type=\"widget\" data-e-type=\"widget\" data-settings=\"{&quot;ekit_we_effect_on&quot;:&quot;none&quot;}\" data-widget_type=\"elementskit-heading.default\">\n\t\t\t\t<div class=\"elementor-widget-container\">\n\t\t\t\t\t<div class=\"ekit-wid-con\" ><div class=\"ekit-heading elementskit-section-title-wraper text_left   ekit_heading_tablet-   ekit_heading_mobile-\"><span class=\"elementskit-section-subtitle  elementskit-style-border\">\n\t\t\t\t\t\tConsigliamo, accompagniamo e sosteniamo\n\t\t\t\t\t<\/span><h2 class=\"ekit-heading--title elementskit-section-title\">Individuale come il vostro DNA<br><br>Soluzioni pensionistiche che si adattano al vostro DNA<\/h2><\/div><\/div>\t\t\t\t<\/div>\n\t\t\t\t<\/div>\n\t\t\t\t<\/div>\n\t\t\t\t\t<\/div>\n\t\t\t\t<\/div>\n\t\t\t\t<section class=\"elementor-section elementor-top-section elementor-element elementor-element-501c4a7b elementor-section-boxed elementor-section-height-default elementor-section-height-default\" data-id=\"501c4a7b\" data-element_type=\"section\" data-e-type=\"section\" data-settings=\"{&quot;background_background&quot;:&quot;classic&quot;,&quot;ekit_has_onepagescroll_dot&quot;:&quot;yes&quot;}\">\n\t\t\t\t\t\t<div class=\"elementor-container elementor-column-gap-default\">\n\t\t\t\t\t<div class=\"elementor-column elementor-col-100 elementor-top-column elementor-element elementor-element-6ea91c8\" data-id=\"6ea91c8\" data-element_type=\"column\" data-e-type=\"column\">\n\t\t\t<div class=\"elementor-widget-wrap elementor-element-populated\">\n\t\t\t\t\t\t<div class=\"elementor-element elementor-element-2bfe7ea7 elementor-widget elementor-widget-elementskit-heading\" data-id=\"2bfe7ea7\" data-element_type=\"widget\" data-e-type=\"widget\" data-settings=\"{&quot;ekit_we_effect_on&quot;:&quot;none&quot;}\" data-widget_type=\"elementskit-heading.default\">\n\t\t\t\t<div class=\"elementor-widget-container\">\n\t\t\t\t\t<div class=\"ekit-wid-con\" ><div class=\"ekit-heading elementskit-section-title-wraper text_center   ekit_heading_tablet-   ekit_heading_mobile-\"><h2 class=\"ekit-heading--title elementskit-section-title\">Siamo un team di specialisti<\/h2><div class=\"ekit_heading_separetor_wraper ekit_heading_elementskit-border-divider elementskit-style-long\"><div class=\"elementskit-border-divider elementskit-style-long\"><\/div><\/div>\t\t\t\t<div class='ekit-heading__description'>\n\t\t\t\t\t<p><span style=\"vertical-align: inherit\">Lavoriamo con tutti i principali fornitori del mercato pensionistico svizzero.<br \/>Questo ci permette di fornirvi una panoramica completa dei modelli pensionistici disponibili e dei loro vantaggi e svantaggi.<\/span><\/p>\n\t\t\t\t<\/div>\n\t\t\t<\/div><\/div>\t\t\t\t<\/div>\n\t\t\t\t<\/div>\n\t\t<div class=\"elementor-element elementor-element-1cbd58a e-flex e-con-boxed e-con e-parent\" data-id=\"1cbd58a\" data-element_type=\"container\" data-e-type=\"container\" data-settings=\"{&quot;ekit_has_onepagescroll_dot&quot;:&quot;yes&quot;}\">\n\t\t\t\t\t<div class=\"e-con-inner\">\n\t\t\t\t<div class=\"elementor-element elementor-element-dadffb2 elementor-widget elementor-widget-text-editor\" data-id=\"dadffb2\" data-element_type=\"widget\" data-e-type=\"widget\" data-settings=\"{&quot;ekit_we_effect_on&quot;:&quot;none&quot;}\" data-widget_type=\"text-editor.default\">\n\t\t\t\t<div class=\"elementor-widget-container\">\n\t\t\t\t\t\t\t\t\t<p><span style=\"vertical-align: inherit;\"><span style=\"vertical-align: inherit;\">L'incertezza dei mercati finanziari, il contesto di bassi tassi d'interesse e lo sviluppo demografico in Svizzera fanno s\u00ec che la previdenza professionale sia sempre pi\u00f9 al centro dell'attenzione pubblica.<\/span><\/span><\/p>\n<!-- \/wp:paragraph --><!-- wp:paragraph -->\n<p><span style=\"vertical-align: inherit;\"><span style=\"vertical-align: inherit;\"><span style=\"vertical-align: inherit;\">La ridistribuzione tra attivi e pensionati, la maggiore trasparenza, l'ampliamento della vigilanza, la continua riduzione dell'aliquota di conversione, la riduzione del tasso d'interesse minimo, la sottocopertura e le misure di ristrutturazione sono solo alcuni dei temi che portano al dibattito.<\/span><\/span><\/span><\/p>\n<!-- \/wp:paragraph --><!-- wp:paragraph -->\n<p><span style=\"vertical-align: inherit;\"><span style=\"vertical-align: inherit;\"><span style=\"vertical-align: inherit;\">I datori di lavoro, i responsabili delle risorse umane e i membri dei comitati pensionistici hanno una responsabilit\u00e0 nei confronti degli assicurati e devono affrontare questioni sempre pi\u00f9 complesse.<\/span><\/span><\/span><\/p>\n<p><span style=\"vertical-align: inherit;\"><span style=\"vertical-align: inherit;\"><span style=\"vertical-align: inherit;\">Forniamo consulenza e assistenza in tutte le aree della previdenza professionale. Supportiamo gli imprenditori nella progettazione e nella scelta di una soluzione pensionistica moderna. L'obiettivo \u00e8 quello di creare una soluzione pensionistica che si adatti esattamente alle esigenze dell'azienda e dei suoi dipendenti. Saremo lieti di assistervi con le nostre ampie competenze - ove richiesto, naturalmente, anche con esperti di fondi pensione di comprovata esperienza - e con la nostra conoscenza molto completa del mercato pensionistico.<\/span><\/span><\/span><\/p>\t\t\t\t\t\t\t\t<\/div>\n\t\t\t\t<\/div>\n\t\t\t\t<div class=\"elementor-element elementor-element-34618d9 elementor-widget elementor-widget-heading\" data-id=\"34618d9\" data-element_type=\"widget\" data-e-type=\"widget\" data-settings=\"{&quot;ekit_we_effect_on&quot;:&quot;none&quot;}\" data-widget_type=\"heading.default\">\n\t\t\t\t<div class=\"elementor-widget-container\">\n\t\t\t\t\t<h5 class=\"elementor-heading-title elementor-size-default\"><a href=\"https:\/\/abes.ch\/wp-content\/uploads\/2022\/03\/CV-PK-Experte-Dr.-Jaap-van-Dam.pdf\" target=\"_blank\">Il nostro team BVG \u00e8 supportato professionalmente dal nostro esperto di PK, il dottor Jaap van Dam.<\/a><\/h5>\t\t\t\t<\/div>\n\t\t\t\t<\/div>\n\t\t\t\t\t<\/div>\n\t\t\t\t<\/div>\n\t\t\t\t\t<\/div>\n\t\t<\/div>\n\t\t\t\t\t<\/div>\n\t\t<\/section>\n\t\t<div class=\"elementor-element elementor-element-15e5c69 e-flex e-con-boxed e-con e-parent\" data-id=\"15e5c69\" data-element_type=\"container\" data-e-type=\"container\" data-settings=\"{&quot;ekit_has_onepagescroll_dot&quot;:&quot;yes&quot;}\">\n\t\t\t\t\t<div class=\"e-con-inner\">\n\t\t\t\t<div class=\"elementor-element elementor-element-62e1d8e elementor-widget elementor-widget-elementskit-heading\" data-id=\"62e1d8e\" data-element_type=\"widget\" data-e-type=\"widget\" data-settings=\"{&quot;ekit_we_effect_on&quot;:&quot;none&quot;}\" data-widget_type=\"elementskit-heading.default\">\n\t\t\t\t<div class=\"elementor-widget-container\">\n\t\t\t\t\t<div class=\"ekit-wid-con\" ><div class=\"ekit-heading elementskit-section-title-wraper text_center   ekit_heading_tablet-   ekit_heading_mobile-\"><h2 class=\"ekit-heading--title elementskit-section-title\">Il nostro approccio risolutivo si basa su un modello a cinque fasi<\/h2>\t\t\t\t<div class='ekit-heading__description'>\n\t\t\t\t\t<p><span style=\"vertical-align: inherit\">Tutte le parti interessate sono coinvolte durante l'intera fase del progetto e tutte le spese sono rendicontate in modo trasparente sulla base delle tariffe.<\/span><\/p>\n\t\t\t\t<\/div>\n\t\t\t<\/div><\/div>\t\t\t\t<\/div>\n\t\t\t\t<\/div>\n\t\t\t\t\t<\/div>\n\t\t\t\t<\/div>\n\t\t<div class=\"pp-bg-effects pp-bg-effects-9ab0669 elementor-element elementor-element-9ab0669 e-con-full pp-bg-effects-yes e-flex e-con e-parent\" data-section-id=\"9ab0669\" data-effect-enable=\"yes\" data-animation-type=\"net\" data-canvas-opacity=\"0.5\" data-hide-max-width=\"none\" data-hide-min-width=\"none\" data-net-color=\"0x24549F\" data-net-bg-color=\"0xF7F4EB\" data-net-points=\"10\" data-net-max-distance=\"30\" data-net-spacing=\"15\" data-net-show-dot=\"1\" data-id=\"9ab0669\" data-element_type=\"container\" data-e-type=\"container\" data-settings=\"{&quot;background_background&quot;:&quot;classic&quot;,&quot;pp_background_effects_enable&quot;:&quot;yes&quot;,&quot;net_show_dot&quot;:&quot;true&quot;,&quot;ekit_has_onepagescroll_dot&quot;:&quot;yes&quot;}\">\n\t\t\t\t<div class=\"elementor-element elementor-element-2c25a22f elementor-widget__width-initial elementor-widget elementor-widget-elementskit-timeline\" data-id=\"2c25a22f\" data-element_type=\"widget\" data-e-type=\"widget\" data-settings=\"{&quot;ekit_we_effect_on&quot;:&quot;none&quot;}\" data-widget_type=\"elementskit-timeline.default\">\n\t\t\t\t<div class=\"elementor-widget-container\">\n\t\t\t\t\t<div class=\"ekit-wid-con\" >        <div class=\"timeline-area vertical-timeline multi-gradient floating-style bothside\" > \n\n         \n                    <div class=\"single-timeline media single-timeline-count-1 elementor-repeater-item-ffa4a27\" >\n                            <div class=\"timeline-item media\" data-settings=\"{&quot;_animation&quot;:&quot;&quot;}\">\n                                <div class=\"timeline-content\">\n\n                                     \n                                                                            <h3 class=\"title\">Analisi<\/h3>\n                                    \n                                                                  <p>Revisione della situazione attuale e analisi dei bisogni adattati al rischio  \n\n<\/p>\n                              \n\n\n                            \n                                <\/div><!-- .timeline-content END -->\n                                                               <div class=\"timeline-pin\"><\/div>\n                            <\/div><!-- .timeline-item .media END -->\n\n                    \n                    <div class=\"timeline-info\" data-settings=\"{&quot;_animation&quot;:&quot;&quot;}\">\n                    \n                    <h4 class=\"date\">\n                                        Passo 1 <\/h4>\n\n                                         <\/div>\n\n                                    <div class=\"timeline-img\"><\/div>\n\n\n           \n                        <\/div><!-- .single-timeline .media END -->\n       \n                    <div class=\"single-timeline media single-timeline-count-2 elementor-repeater-item-26836ea\" >\n                            <div class=\"timeline-item media\" data-settings=\"{&quot;_animation&quot;:&quot;&quot;}\">\n                                <div class=\"timeline-content\">\n\n                                     \n                                                                            <h3 class=\"title\">Concetto<\/h3>\n                                    \n                                                                  <p>Definizione delle tappe e progettazione di una soluzione pensionistica personalizzata\n\n<\/p>\n                              \n\n\n                            \n                                <\/div><!-- .timeline-content END -->\n                                                               <div class=\"timeline-pin\"><\/div>\n                            <\/div><!-- .timeline-item .media END -->\n\n                    \n                    <div class=\"timeline-info\" data-settings=\"{&quot;_animation&quot;:&quot;&quot;}\">\n                    \n                    <h4 class=\"date\">\n                                        Passo 2 <\/h4>\n\n                                         <\/div>\n\n                                    <div class=\"timeline-img\"><\/div>\n\n\n           \n                        <\/div><!-- .single-timeline .media END -->\n       \n                    <div class=\"single-timeline media single-timeline-count-3 elementor-repeater-item-c017a69\" >\n                            <div class=\"timeline-item media\" data-settings=\"{&quot;_animation&quot;:&quot;&quot;}\">\n                                <div class=\"timeline-content\">\n\n                                     \n                                                                            <h3 class=\"title\">Sondaggio<\/h3>\n                                    \n                                                                  <p>Sondaggio tra i dipendenti, tenendo conto del diritto di partecipazione dei dipendenti e dei rappresentanti dei dipendenti previsto dalla legge (art. 11 cpv. 3 e segg. LPP).<\/p>\n                              \n\n\n                            \n                                <\/div><!-- .timeline-content END -->\n                                                               <div class=\"timeline-pin\"><\/div>\n                            <\/div><!-- .timeline-item .media END -->\n\n                    \n                    <div class=\"timeline-info\" data-settings=\"{&quot;_animation&quot;:&quot;&quot;}\">\n                    \n                    <h4 class=\"date\">\n                                        Passo 3 <\/h4>\n\n                                         <\/div>\n\n                                    <div class=\"timeline-img\"><\/div>\n\n\n           \n                        <\/div><!-- .single-timeline .media END -->\n       \n                    <div class=\"single-timeline media single-timeline-count-4 elementor-repeater-item-d803f41\" >\n                            <div class=\"timeline-item media\" data-settings=\"{&quot;_animation&quot;:&quot;&quot;}\">\n                                <div class=\"timeline-content\">\n\n                                     \n                                                                            <h3 class=\"title\">Presentazione<\/h3>\n                                    \n                                                                  <p>Processo di gara completo con tutti gli operatori di mercato interessati, con una valutazione trasparente.<\/p>\n                              \n\n\n                            \n                                <\/div><!-- .timeline-content END -->\n                                                               <div class=\"timeline-pin\"><\/div>\n                            <\/div><!-- .timeline-item .media END -->\n\n                    \n                    <div class=\"timeline-info\" data-settings=\"{&quot;_animation&quot;:&quot;&quot;}\">\n                    \n                    <h4 class=\"date\">\n                                        Passo 4 <\/h4>\n\n                                         <\/div>\n\n                                    <div class=\"timeline-img\"><\/div>\n\n\n           \n                        <\/div><!-- .single-timeline .media END -->\n       \n                    <div class=\"single-timeline media single-timeline-count-5 elementor-repeater-item-c7c5f8e\" >\n                            <div class=\"timeline-item media\" data-settings=\"{&quot;_animation&quot;:&quot;&quot;}\">\n                                <div class=\"timeline-content\">\n\n                                     \n                                                                            <h3 class=\"title\">Implementazione<\/h3>\n                                    \n                                                                  <p>La finalizzazione ottimizzata viene inizialmente introdotta da una presentazione di accompagnamento dei dipendenti<\/p>\n                              \n\n\n                            \n                                <\/div><!-- .timeline-content END -->\n                                                               <div class=\"timeline-pin\"><\/div>\n                            <\/div><!-- .timeline-item .media END -->\n\n                    \n                    <div class=\"timeline-info\" data-settings=\"{&quot;_animation&quot;:&quot;&quot;}\">\n                    \n                    <h4 class=\"date\">\n                                        Passo 5 <\/h4>\n\n                                         <\/div>\n\n                                    <div class=\"timeline-img\"><\/div>\n\n\n           \n                        <\/div><!-- .single-timeline .media END -->\n           <div class=\"timeline-bar\"><\/div>\n    <\/div><\/div>\t\t\t\t<\/div>\n\t\t\t\t<\/div>\n\t\t\t\t<\/div>\n\t\t<div class=\"elementor-element elementor-element-36daeef e-flex e-con-boxed e-con e-parent\" data-id=\"36daeef\" data-element_type=\"container\" data-e-type=\"container\" data-settings=\"{&quot;ekit_has_onepagescroll_dot&quot;:&quot;yes&quot;}\">\n\t\t\t\t\t<div class=\"e-con-inner\">\n\t\t\t\t<div class=\"elementor-element elementor-element-d9c0225 elementor-widget elementor-widget-spacer\" data-id=\"d9c0225\" data-element_type=\"widget\" data-e-type=\"widget\" data-settings=\"{&quot;ekit_we_effect_on&quot;:&quot;none&quot;}\" data-widget_type=\"spacer.default\">\n\t\t\t\t<div class=\"elementor-widget-container\">\n\t\t\t\t\t\t\t<div class=\"elementor-spacer\">\n\t\t\t<div class=\"elementor-spacer-inner\"><\/div>\n\t\t<\/div>\n\t\t\t\t\t\t<\/div>\n\t\t\t\t<\/div>\n\t\t\t\t\t<\/div>\n\t\t\t\t<\/div>\n\t\t<div class=\"elementor-element elementor-element-e857b5a e-flex e-con-boxed e-con e-parent\" data-id=\"e857b5a\" data-element_type=\"container\" data-e-type=\"container\" data-settings=\"{&quot;ekit_has_onepagescroll_dot&quot;:&quot;yes&quot;}\">\n\t\t\t\t\t<div class=\"e-con-inner\">\n\t\t\t\t<div class=\"elementor-element elementor-element-20cb844 elementor-widget elementor-widget-heading\" data-id=\"20cb844\" data-element_type=\"widget\" data-e-type=\"widget\" data-settings=\"{&quot;ekit_we_effect_on&quot;:&quot;none&quot;}\" data-widget_type=\"heading.default\">\n\t\t\t\t<div class=\"elementor-widget-container\">\n\t\t\t\t\t<h2 class=\"elementor-heading-title elementor-size-default\">Disposizioni sui quadri secondo 1e<\/h2>\t\t\t\t<\/div>\n\t\t\t\t<\/div>\n\t\t\t\t\t<\/div>\n\t\t\t\t<\/div>\n\t\t<div class=\"elementor-element elementor-element-8382ae2 e-flex e-con-boxed e-con e-parent\" data-id=\"8382ae2\" data-element_type=\"container\" data-e-type=\"container\" data-settings=\"{&quot;ekit_has_onepagescroll_dot&quot;:&quot;yes&quot;}\">\n\t\t\t\t\t<div class=\"e-con-inner\">\n\t\t<div class=\"elementor-element elementor-element-f6e829e e-con-full e-flex e-con e-child\" data-id=\"f6e829e\" data-element_type=\"container\" data-e-type=\"container\" data-settings=\"{&quot;ekit_has_onepagescroll_dot&quot;:&quot;yes&quot;}\">\n\t\t\t\t<div class=\"elementor-element elementor-element-de567ed elementor-widget elementor-widget-text-editor\" data-id=\"de567ed\" data-element_type=\"widget\" data-e-type=\"widget\" data-settings=\"{&quot;ekit_we_effect_on&quot;:&quot;none&quot;}\" data-widget_type=\"text-editor.default\">\n\t\t\t\t<div class=\"elementor-widget-container\">\n\t\t\t\t\t\t\t\t\t<p><span style=\"vertical-align: inherit;\">Nel caso delle soluzioni previdenziali di cui al punto 1e, la parte sovraobbligatoria della previdenza professionale viene gestita in una fondazione previdenziale separata. In questa forma di previdenza gestita, le persone con un salario assicurato superiore a 132.300 franchi possono determinare autonomamente la strategia d'investimento. \u00c8 possibile scegliere tra un massimo di dieci strategie, da quelle a basso rischio a quelle ad alto rischio. Gli assicurati possono adattare la strategia d'investimento alla loro capacit\u00e0 di rischio e al loro orizzonte d'investimento e partecipare pienamente alla performance dell'investimento. Poich\u00e9 il rendimento del capitale viene accreditato direttamente agli assicurati, \u00e8 possibile evitare la ridistribuzione nel piano pensionistico complementare. \u00c8 quindi esclusa una ridistribuzione dei risultati degli investimenti a favore di altri assicurati. Un moderno piano pensionistico gestionale offre ai manager ulteriori opzioni per strutturare la loro previdenza.<\/span><\/p>\n<p><!-- \/wp:paragraph --><!-- wp:paragraph --><\/p>\n<p><span style=\"vertical-align: inherit;\">I costi possono spesso essere ridotti in una soluzione pensionistica secondo 1e, in quanto la pensione integrativa di solito assicura persone che sono statisticamente esposte a un rischio minore di invalidit\u00e0. Inoltre, il datore di lavoro non \u00e8 esposto al rischio di ristrutturazione nella soluzione di gestione (a differenza del piano pensionistico di base), poich\u00e9 non \u00e8 possibile una sottocopertura. Ci\u00f2 significa che le aziende che tengono una contabilit\u00e0 conforme agli IFRS o agli US GAAP possono definire le soluzioni di gestione come soluzioni pensionistiche a contribuzione definita e quindi non devono contabilizzare alcuna passivit\u00e0 pensionistica. Le passivit\u00e0 dei fondi pensione possono essere ridotte introducendo una soluzione 1e, che a sua volta alleggerisce il bilancio.<\/span><\/p>\t\t\t\t\t\t\t\t<\/div>\n\t\t\t\t<\/div>\n\t\t\t\t<\/div>\n\t\t<div class=\"elementor-element elementor-element-9fe57ed e-con-full e-flex e-con e-child\" data-id=\"9fe57ed\" data-element_type=\"container\" data-e-type=\"container\" data-settings=\"{&quot;background_background&quot;:&quot;classic&quot;,&quot;ekit_has_onepagescroll_dot&quot;:&quot;yes&quot;}\">\n\t\t\t\t<\/div>\n\t\t\t\t\t<\/div>\n\t\t\t\t<\/div>\n\t\t\t\t<\/div>","protected":false},"excerpt":{"rendered":"<p>Wir Beraten, Begleiten und Betreuen So individuell wie Ihre DNA Vorsorgel\u00f6sungen, die sich Ihrer DNA anpassen Wir sind ein Team von Fachspezialisten Wir arbeiten mit allen f\u00fchrenden Anbietern auf dem Schweizer Vorsorgemarkt zusammen.Dies erlaubt es uns, Ihnen eine komplette \u00dcbersicht \u00fcber die verf\u00fcgbaren Vorsorgemodelle sowie deren Vor- und Nachteile zu verschaffen Die unsichere Situation an [&hellip;]<\/p>\n","protected":false},"author":5,"featured_media":0,"parent":0,"menu_order":0,"comment_status":"closed","ping_status":"closed","template":"","meta":{"advgb_blocks_editor_width":"","advgb_blocks_columns_visual_guide":"","footnotes":""},"class_list":["post-29751","page","type-page","status-publish","hentry"],"coauthors":[],"author_meta":{"author_link":"https:\/\/abes.ch\/it\/author\/pascal-mayor\/","display_name":"pascal.mayor"},"relative_dates":{"created":"Pubblicato 4 anni fa","modified":"Aggiornato 2 anni fa"},"absolute_dates":{"created":"Pubblicato il 8. Gennaio 2022","modified":"Aggiornato il 14. Dicembre 2023"},"absolute_dates_time":{"created":"Pubblicato il 8. Gennaio 2022 19:45","modified":"Aggiornato il 14. Dicembre 2023 16:17"},"featured_img_caption":"","featured_img":false,"series_order":"","_links":{"self":[{"href":"https:\/\/abes.ch\/it\/wp-json\/wp\/v2\/pages\/29751","targetHints":{"allow":["GET"]}}],"collection":[{"href":"https:\/\/abes.ch\/it\/wp-json\/wp\/v2\/pages"}],"about":[{"href":"https:\/\/abes.ch\/it\/wp-json\/wp\/v2\/types\/page"}],"author":[{"embeddable":true,"href":"https:\/\/abes.ch\/it\/wp-json\/wp\/v2\/users\/5"}],"replies":[{"embeddable":true,"href":"https:\/\/abes.ch\/it\/wp-json\/wp\/v2\/comments?post=29751"}],"version-history":[{"count":963,"href":"https:\/\/abes.ch\/it\/wp-json\/wp\/v2\/pages\/29751\/revisions"}],"predecessor-version":[{"id":57699,"href":"https:\/\/abes.ch\/it\/wp-json\/wp\/v2\/pages\/29751\/revisions\/57699"}],"wp:attachment":[{"href":"https:\/\/abes.ch\/it\/wp-json\/wp\/v2\/media?parent=29751"}],"curies":[{"name":"wp","href":"https:\/\/api.w.org\/{rel}","templated":true}]}}